{"id":2901,"date":"2015-11-18T08:34:00","date_gmt":"2015-11-18T08:34:00","guid":{"rendered":"https:\/\/demo.thimpress.com\/eduma\/?page_id=2901"},"modified":"2023-05-09T08:06:07","modified_gmt":"2023-05-09T08:06:07","slug":"a-propos-de-nous","status":"publish","type":"page","link":"https:\/\/edumontreal.ca\/fr\/a-propos-de-nous\/","title":{"rendered":"\u00c0 propos de nous"},"content":{"rendered":"<div class=\"wpb-content-wrapper\"><p>[vc_row css_animation=&#8221;fadeInDown&#8221; css=&#8221;.vc_custom_1576501826927{padding-top: 30px !important;}&#8221;][vc_column]<div class=\"thim-widget-heading template-base\"><div class=\"sc_heading  text-center\"><h3 style=\"text-transform: uppercase;\" class=\"title\">Notre histoire<\/h3><p class=\"sub-heading\" style=\"\">C'est un fait \u00e9tabli depuis longtemps qu'un lecteur.<br \/>\n<\/p><\/div><\/div>[vc_text_separator title=&#8221;&#8221; i_icon_fontawesome=&#8221;fa fa-graduation-cap&#8221; i_color=&#8221;black&#8221; color=&#8221;black&#8221; css_animation=&#8221;bounceInRight&#8221; add_icon=&#8221;true&#8221;][\/vc_column][\/vc_row][vc_row css_animation=&#8221;fadeInLeft&#8221;][vc_column width=&#8221;1\/4&#8243;]<div class=\"thim-widget-counters-box template-base\"><div class=\"counter-box about-us\" style=\"\"><div class=\"content-box-percentage\">\n\t\t<div class=\"wrap-percentage\">\n\t\t<div class=\"display-percentage\" data-percentage=\"55000\" >55000<\/div><div class=\"text_number\"><\/div><\/div><div class=\"counter-content-container\"><div class=\"counter-box-content\" style=\"\">SUIVI ETRANGERS<\/div><\/div><\/div><\/div><\/div>[\/vc_column][vc_column width=&#8221;1\/4&#8243;]<div class=\"thim-widget-counters-box template-base\"><div class=\"counter-box about-us\" style=\"\"><div class=\"content-box-percentage\">\n\t\t<div class=\"wrap-percentage\">\n\t\t<div class=\"display-percentage\" data-percentage=\"60\" >60<\/div><div class=\"text_number\"><\/div><\/div><div class=\"counter-content-container\"><div class=\"counter-box-content\" style=\"\">ENSEIGNANTS CERTIFI\u00c9S<\/div><\/div><\/div><\/div><\/div>[\/vc_column][vc_column width=&#8221;1\/4&#8243;]<div class=\"thim-widget-counters-box template-base\"><div class=\"counter-box about-us\" style=\"\"><div class=\"content-box-percentage\">\n\t\t<div class=\"wrap-percentage\">\n\t\t<div class=\"display-percentage\" data-percentage=\"2243\" >2243<\/div><div class=\"text_number\"><\/div><\/div><div class=\"counter-content-container\"><div class=\"counter-box-content\" style=\"\">\u00c9TUDIANTS INSCRITS<\/div><\/div><\/div><\/div><\/div>[\/vc_column][vc_column width=&#8221;1\/4&#8243;]<div class=\"thim-widget-counters-box template-base\"><div class=\"counter-box about-us\" style=\"\"><div class=\"content-box-percentage\">\n\t\t<div class=\"wrap-percentage\">\n\t\t<div class=\"display-percentage\" data-percentage=\"86\" >86<\/div><div class=\"text_number\"><\/div><\/div><div class=\"counter-content-container\"><div class=\"counter-box-content\" style=\"\">Dipl\u00f4mes universitaires<\/div><\/div><\/div><\/div><\/div>[\/vc_column][\/vc_row][vc_row css_animation=&#8221;appear&#8221;][vc_column]<div class=\"thim-widget-gallery-images template-base\"><div class=\"thim-carousel-wrapper gallery-img\" data-visible=\"1\" data-itemtablet=\"1\" data-itemmobile=\"1\" data-autoplay=\"0\" data-navigation=\"0\" data-pagination=\"1\" data-loop=\"true\"><div class=\"item\"><img loading=\"lazy\" decoding=\"async\" width=\"1170\" height=\"550\" src=\"https:\/\/edumontreal.ca\/fr\/wp-content\/uploads\/2015\/11\/slider-2.jpg\" class=\"attachment-full size-full\" alt=\"\" srcset=\"https:\/\/edumontreal.ca\/fr\/wp-content\/uploads\/2015\/11\/slider-2.jpg 1170w, https:\/\/edumontreal.ca\/fr\/wp-content\/uploads\/2015\/11\/slider-2-300x141.jpg 300w, https:\/\/edumontreal.ca\/fr\/wp-content\/uploads\/2015\/11\/slider-2-768x361.jpg 768w, https:\/\/edumontreal.ca\/fr\/wp-content\/uploads\/2015\/11\/slider-2-1024x481.jpg 1024w, https:\/\/edumontreal.ca\/fr\/wp-content\/uploads\/2015\/11\/slider-2-600x282.jpg 600w\" sizes=\"(max-width: 1170px) 100vw, 1170px\" \/><\/div><div class=\"item\"><img loading=\"lazy\" decoding=\"async\" width=\"1170\" height=\"550\" src=\"https:\/\/edumontreal.ca\/fr\/wp-content\/uploads\/2015\/11\/slider-3.jpg\" class=\"attachment-full size-full\" alt=\"\" srcset=\"https:\/\/edumontreal.ca\/fr\/wp-content\/uploads\/2015\/11\/slider-3.jpg 1170w, https:\/\/edumontreal.ca\/fr\/wp-content\/uploads\/2015\/11\/slider-3-300x141.jpg 300w, https:\/\/edumontreal.ca\/fr\/wp-content\/uploads\/2015\/11\/slider-3-768x361.jpg 768w, https:\/\/edumontreal.ca\/fr\/wp-content\/uploads\/2015\/11\/slider-3-1024x481.jpg 1024w, https:\/\/edumontreal.ca\/fr\/wp-content\/uploads\/2015\/11\/slider-3-600x282.jpg 600w\" sizes=\"(max-width: 1170px) 100vw, 1170px\" \/><\/div><div class=\"item\"><\/div><\/div><\/div>[vc_column_text css_animation=&#8221;fadeInUp&#8221;]<\/p>\n<div class=\"thim-about-us-quote\">\n<p>\u00abCras tristique turpis justo, eu cons\u00e9quat sem adipiscing ut. Donec posuere bibendum metus. \u00bb<\/p>\n<p>Tony Nguyen, co-fondateur<\/p>\n<\/div>\n<p>[\/vc_column_text][\/vc_column][\/vc_row][vc_row full_width=&#8221;stretch_row_content_no_spaces&#8221; parallax=&#8221;content-moving-fade&#8221; parallax_image=&#8221;8577&#8243;][vc_column][vc_empty_space height=&#8221;460px&#8221;][\/vc_column][\/vc_row][vc_row css_animation=&#8221;appear&#8221;][vc_column width=&#8221;1\/2&#8243;][vc_single_image image=&#8221;8979&#8243; img_size=&#8221;175&#8243;][\/vc_column][vc_column width=&#8221;1\/2&#8243;][vc_column_text]<\/p>\n<h3>notre expertise<\/h3>\n<ul>\n<li>\nNotre \u00e9quipe poss\u00e8de une connaissance approfondie du Canada et de ses syst\u00e8mes d&#8217;\u00e9ducation<\/li>\n<li>\nNous poss\u00e9dons plus de 12 ans d&#8217;exp\u00e9rience cumul\u00e9e r\u00e9sultant du lancement, de la mise en \u0153uvre, du d\u00e9veloppement et de la gestion de travaux li\u00e9s \u00e0 l&#8217;\u00e9ducation dans la r\u00e9gion du Moyen-Orient<\/li>\n<\/ul>\n<p>[\/vc_column_text][\/vc_column][\/vc_row][vc_row full_width=&#8221;stretch_row&#8221; css_animation=&#8221;fadeInDown&#8221; css=&#8221;.vc_custom_1585039428601{background-image: url(https:\/\/edumontreal.ca\/fr\/wp-content\/uploads\/2020\/03\/pre-departure-bg-1.png?id=8985) !important;background-position: center !important;background-repeat: no-repeat !important;background-size: cover !important;}&#8221;][vc_column width=&#8221;1\/2&#8243;][vc_column_text css_animation=&#8221;fadeInLeft&#8221;]<strong>Qui nous sommes:<\/strong><\/p>\n<p><strong>L&#8217;Institut \u00c9ducatif de Montr\u00e9al (EduMontreal)<\/strong> a \u00e9t\u00e9 fond\u00e9 pour faire progresser l&#8217;\u00e9ducation et aider les jeunes Canadiens et les \u00e9tudiants internationaux \u00e0 r\u00e9ussir dans leur vie professionnelle, d\u00e9velopper des comp\u00e9tences de pens\u00e9e critique, renforcer la communication \u00e9crite et orale et appliquer des informations quantitatives \u00e0 la r\u00e9solution de probl\u00e8mes.[\/vc_column_text][vc_column_text css_animation=&#8221;fadeInLeft&#8221;]Nous sommes un repr\u00e9sentant exclusif au Moyen-Orient et en Afrique des commissions scolaires du Qu\u00e9bec. Nous avons \u00e9galement des partenariats avec des universit\u00e9s partout au Canada. Nous assurons aux \u00e9tudiants internationaux la possibilit\u00e9 de poursuivre des \u00e9tudes postsecondaires au Canada.[\/vc_column_text][vc_column_text css_animation=&#8221;fadeInLeft&#8221;]EduMontreal a \u00e9t\u00e9 cr\u00e9\u00e9 \u00e0 la suite d&#8217;une soumission de recherche au minist\u00e8re de l&#8217;\u00c9ducation du Qu\u00e9bec en 2013. Quelques mois plus tard, il a \u00e9t\u00e9 suivi de la publication du Plan d&#8217;action sur les march\u00e9s mondiaux du minist\u00e8re des Affaires \u00e9trang\u00e8res (<a href=\"https:\/\/international.gc.ca \/global-markets-marches-mondiaux\/education\/strategy-strategie.aspx?lang=eng\">https:\/\/international.gc.ca \/global-markets-marches-mondiaux\/education\/strategy-strategie.aspx?lang=eng<\/a>) dans lequel le Canada a identifi\u00e9 l&#8217;Afrique du Nord et le Moyen-Orient comme march\u00e9s prioritaires pour attirer des \u00e9tudiants internationaux.[\/vc_column_text][\/vc_column][vc_column width=&#8221;1\/2&#8243; css=&#8221;.vc_custom_1584860890161{background-position: center !important;background-repeat: no-repeat !important;background-size: cover !important;}&#8221;][vc_single_image image=&#8221;8693&#8243; img_size=&#8221;&#8221; alignment=&#8221;center&#8221; css_animation=&#8221;fadeInRight&#8221;][vc_column_text css_animation=&#8221;fadeInRight&#8221;]EduMontreal a d\u00e9velopp\u00e9, avec une \u00e9quipe unique \u00e0 travers le monde, un ensemble de cours, formations, ateliers et dipl\u00f4mes \u00e0 offrir aux personnes qui souhaitent exceller dans leur travail et aider les entrepreneurs \u00e0 d\u00e9velopper, initier et maintenir leurs entreprises pour mieux servir eux-m\u00eames et la communaut\u00e9 dans son ensemble.[\/vc_column_text][\/vc_column][\/vc_row][vc_row full_width=&#8221;stretch_row&#8221; content_placement=&#8221;bottom&#8221; css=&#8221;.vc_custom_1585040210490{background-image: url(https:\/\/edumontreal.ca\/fr\/wp-content\/uploads\/2020\/03\/pre-departure-bg.png?id=8973) !important;background-position: center !important;background-repeat: no-repeat !important;background-size: cover !important;}&#8221;][vc_column width=&#8221;1\/2&#8243;][vc_single_image image=&#8221;8677&#8243; img_size=&#8221;1000%&#8221; alignment=&#8221;center&#8221; css_animation=&#8221;fadeInRightBig&#8221; css=&#8221;.vc_custom_1584804191027{padding-bottom: 60px !important;}&#8221;][\/vc_column][vc_column width=&#8221;1\/2&#8243;][vc_column_text css_animation=&#8221;fadeInLeftBig&#8221;]<strong>Notre mission<\/strong> est de fournir des conseils, d&#8217;offrir des services d&#8217;inscription et d&#8217;aider les \u00e9tudiants du Moyen-Orient et d&#8217;Afrique qui souhaitent \u00e9tudier au Canada. Nous croyons \u00e0 l&#8217;importance de la mobilit\u00e9 des \u00e9tudiants et \u00e0 la richesse des \u00e9changes internationaux. Nous offrons \u00e9galement un soutien scolaire suppl\u00e9mentaire aux \u00e9tudiants et dipl\u00f4m\u00e9s du secondaire \/ universitaire de divers horizons ethniques, acad\u00e9miques et socio-\u00e9conomiques et pour les aider \u00e0 renforcer leurs capacit\u00e9s ainsi qu&#8217;\u00e0 mieux s&#8217;int\u00e9grer dans leur communaut\u00e9. Avec du personnel ayant plus de 15 ans d&#8217;exp\u00e9rience cumul\u00e9e r\u00e9sultant du lancement, de la mise en \u0153uvre, du d\u00e9veloppement et de la gestion de travaux li\u00e9s \u00e0 l&#8217;\u00e9ducation dans les r\u00e9gions du Moyen-Orient et de l&#8217;Afrique, nous avons accumul\u00e9 les connaissances et l&#8217;exp\u00e9rience n\u00e9cessaires pour recruter des \u00e9tudiants pour \u00e9tudier au Canada.[\/vc_column_text][\/vc_column][\/vc_row][vc_row full_width=&#8221;stretch_row&#8221; parallax=&#8221;content-moving&#8221;][vc_column width=&#8221;1\/2&#8243;][vc_column_text css_animation=&#8221;bounceInRight&#8221;]<strong>Nos objectifs sont:<\/strong><\/p>\n<p>Pour aider et aider les \u00e9tudiants du Moyen-Orient et d&#8217;Afrique qui souhaitent poursuivre des \u00e9tudes au Canada;<br \/>\nG\u00e9rer le processus global de recrutement et d&#8217;inscription des \u00e9tudiants internationaux;<br \/>\nD\u00e9velopper les comp\u00e9tences p\u00e9dagogiques, professionnelles, techniques et humaines et d\u00e9velopper les comp\u00e9tences de base; par exemple. comp\u00e9tences en communication, travail d&#8217;\u00e9quipe et r\u00e9solution de probl\u00e8mes;<br \/>\nOffrir une orientation professionnelle et des conseils aux jeunes qui entrent sur le march\u00e9 du travail et les int\u00e9grer dans la communaut\u00e9;<br \/>\nOffrir aux travailleurs des opportunit\u00e9s d&#8217;apprentissage continu pour am\u00e9liorer leurs comp\u00e9tences et acqu\u00e9rir de nouvelles comp\u00e9tences.[\/vc_column_text][\/vc_column][vc_column parallax=&#8221;content-moving-fade&#8221; width=&#8221;1\/2&#8243; css=&#8221;.vc_custom_1584894827680{padding-bottom: 11px !important;}&#8221;][vc_single_image image=&#8221;8679&#8243; img_size=&#8221;&#8221; alignment=&#8221;center&#8221; css_animation=&#8221;bounceInLeft&#8221;][\/vc_column][\/vc_row][vc_row full_width=&#8221;stretch_row_content_no_spaces&#8221; parallax=&#8221;content-moving&#8221; parallax_image=&#8221;8888&#8243; parallax_speed_bg=&#8221;1.8&#8243; css_animation=&#8221;fadeInDown&#8221;][vc_column width=&#8221;1\/2&#8243; css=&#8221;.vc_custom_1584806099786{padding-bottom: 3px !important;}&#8221;][vc_single_image image=&#8221;8853&#8243; img_size=&#8221;350&#8243;][\/vc_column][vc_column width=&#8221;1\/2&#8243;][vc_column_text]<strong>Faits sur le Canada et les \u00e9tudiants internationaux *<\/strong><\/p>\n<p>Le Canada se classe au 4e rang des destinations les plus populaires au monde pour les \u00e9tudiants internationaux (Source: Project Atlas)<br \/>\nIl y avait 494525 \u00e9tudiants \u00e9trangers au Canada en 2017, ce qui repr\u00e9sente une augmentation de 119% depuis 2010 et une augmentation de 20% par rapport \u00e0 l&#8217;ann\u00e9e pr\u00e9c\u00e9dente (Source: Immigration, R\u00e9fugi\u00e9s et Citoyennet\u00e9 Canada).<br \/>\nLes \u00e9tudiants internationaux repr\u00e9sentaient 11% de la population \u00e9tudiante postsecondaire au Canada au cours de l&#8217;ann\u00e9e scolaire 2015-2016 (Source: Statistique Canada).<br \/>\nDes 494 525 \u00e9tudiants internationaux au Canada, 48% sont en Ontario, 24% en Colombie-Britannique et 12% au Qu\u00e9bec.<br \/>\nLes \u00e9tudiants chinois repr\u00e9sentent 28% de la population \u00e9tudiante internationale du Canada, suivis des \u00e9tudiants de l&#8217;Inde (25%), de la Cor\u00e9e du Sud (5%), de la France (4%) et des \u00c9tats-Unis (3%) (Source: Immigration, R\u00e9fugi\u00e9s et Citoyennet\u00e9 Canada)[\/vc_column_text][\/vc_column][\/vc_row][vc_row full_width=&#8221;stretch_row&#8221; gap=&#8221;3&#8243; content_placement=&#8221;middle&#8221; parallax=&#8221;content-moving&#8221; parallax_speed_bg=&#8221;2&#8243; css_animation=&#8221;flipInX&#8221;][vc_column width=&#8221;1\/2&#8243; css=&#8221;.vc_custom_1584804768503{padding-bottom: 23px !important;}&#8221;][vc_column_text]<strong>\u00c9v\u00e9nements<\/strong><\/p>\n<ul>\n<li>La 4e \u00e9dition d&#8217;Access Canada Fair aura lieu les 10 et 11 octobre 2019.<\/li>\n<li>La 3e \u00e9dition du salon Access Canada aura lieu les 10 et 11 mai 2019. Visitez<\/li>\n<li>La 2e \u00e9dition du salon Access Canada aura lieu les 19 et 20 octobre 2018.<\/li>\n<\/ul>\n<p>La foire Acc\u00e8s Canada aura lieu le 27 avril 2018 au campus grec.[\/vc_column_text][\/vc_column][vc_column parallax=&#8221;content-moving-fade&#8221; parallax_image=&#8221;8851&#8243; parallax_speed_bg=&#8221;1&#8243; width=&#8221;1\/2&#8243;][vc_single_image image=&#8221;8702&#8243; img_size=&#8221;&#8221; alignment=&#8221;center&#8221;][\/vc_column][\/vc_row][vc_row full_width=&#8221;stretch_row_content_no_spaces&#8221; parallax=&#8221;content-moving&#8221; parallax_image=&#8221;8855&#8243; css_animation=&#8221;fadeInDown&#8221;][vc_column width=&#8221;1\/2&#8243;][vc_single_image image=&#8221;8699&#8243; img_size=&#8221;&#8221; alignment=&#8221;center&#8221;][\/vc_column][vc_column width=&#8221;1\/2&#8243; css=&#8221;.vc_custom_1584804634567{padding-bottom: 68px !important;}&#8221;][vc_column_text]<strong>notre expertise<\/strong><\/p>\n<ul>\n<li>Notre \u00e9quipe poss\u00e8de une connaissance approfondie du Canada et de ses syst\u00e8mes d&#8217;\u00e9ducation<\/li>\n<li>Nous poss\u00e9dons plus de 15 ans d&#8217;exp\u00e9rience cumul\u00e9e r\u00e9sultant du lancement, de la mise en \u0153uvre, du d\u00e9veloppement et de la gestion de travaux li\u00e9s \u00e0 l&#8217;\u00e9ducation dans la r\u00e9gion du Moyen-Orient<\/li>\n<\/ul>\n<p>[\/vc_column_text][\/vc_column][\/vc_row][vc_row css_animation=&#8221;fadeInDown&#8221;][vc_column width=&#8221;1\/2&#8243;][vc_column_text]<strong>Nos sessions d&#8217;apprentissage, cours et ateliers<\/strong><\/p>\n<ul>\n<li>EduMontreal organise des s\u00e9ances d&#8217;apprentissage sur les \u00e9tudes et la vie au Canada<\/li>\n<li>Nous proposons \u00e9galement des cours d&#8217;anglais et de fran\u00e7ais<br \/>\nEt des ateliers sur la fa\u00e7on de pr\u00e9parer votre voyage au Canada<\/li>\n<li>Pour postuler en tant qu&#8217;\u00e9tudiant international: https:\/\/application.edumontreal.ca<\/li>\n<\/ul>\n<p>Pour plus d&#8217;informations, \u00e9crivez-nous \u00e0 admission@edumontreal.ca.[\/vc_column_text][\/vc_column][vc_column width=&#8221;1\/2&#8243; css=&#8221;.vc_custom_1584806025841{margin-top: -29px !important;padding-bottom: 50px !important;}&#8221;][vc_single_image image=&#8221;8701&#8243; img_size=&#8221;&#8221; alignment=&#8221;center&#8221;][\/vc_column][\/vc_row][vc_row full_width=&#8221;stretch_row_content_no_spaces&#8221; parallax=&#8221;content-moving&#8221; parallax_image=&#8221;8848&#8243; css_animation=&#8221;fadeInDownBig&#8221;][vc_column width=&#8221;1\/2&#8243;][vc_single_image image=&#8221;8688&#8243; img_size=&#8221;1000%&#8221; alignment=&#8221;center&#8221;][\/vc_column][vc_column width=&#8221;1\/2&#8243;][vc_column_text]<strong>Pourquoi \u00e9tudier au Canada? Quels programmes sont disponibles?<\/strong><\/p>\n<ul>\n<li>Une \u00e9ducation de qualit\u00e9 \u00e0 un prix abordable<\/li>\n<li>Une soci\u00e9t\u00e9 multiculturelle<\/li>\n<li>Excellent style de vie et communaut\u00e9s s\u00fbres<\/li>\n<li>Possibilit\u00e9s de travail (voir https:\/\/www.canada.ca\/fr\/immigration-refugees-citizenship\/services\/study-canada\/work\/intern.html pour plus de d\u00e9tails)<\/li>\n<li>Possibilit\u00e9 d&#8217;immigration (voir https:\/\/www.canada.ca\/fr\/immigration-refugees-citizenship\/services\/immigrate-canada.html pour plus de d\u00e9tails)<\/li>\n<\/ul>\n<p>&nbsp;[\/vc_column_text][\/vc_column][\/vc_row][vc_row css_animation=&#8221;appear&#8221; css=&#8221;.vc_custom_1584805843100{margin-top: 20px !important;}&#8221;][vc_column][vc_text_separator title=&#8221;Nous contacter&#8221; i_icon_fontawesome=&#8221;fa fa-handshake-o&#8221; i_color=&#8221;custom&#8221; color=&#8221;black&#8221; style=&#8221;shadow&#8221; border_width=&#8221;2&#8243; css_animation=&#8221;fadeIn&#8221; add_icon=&#8221;true&#8221; i_custom_color=&#8221;#efc403&#8243;][vc_row_inner][vc_column_inner width=&#8221;1\/3&#8243; css=&#8221;.vc_custom_1584805492229{background-color: #efc403 !important;}&#8221;][vc_single_image image=&#8221;8687&#8243; img_size=&#8221;100*100&#8243; alignment=&#8221;center&#8221;][vc_column_text css=&#8221;.vc_custom_1586622502300{margin-bottom: 11px !important;padding-bottom: 20px !important;}&#8221;]<\/p>\n<p style=\"text-align: center;\"><strong>Bureau de Montr\u00e9al<\/strong><\/p>\n<p style=\"text-align: center;\">925, boulevard De Maisonneuve Ouest, bureau 210, Montr\u00e9al, Qu\u00e9bec, H3A 0A5<\/p>\n<p>[\/vc_column_text][\/vc_column_inner][vc_column_inner width=&#8221;1\/3&#8243; css=&#8221;.vc_custom_1584805753803{margin-left: 2px !important;background-color: #efc403 !important;}&#8221;][vc_single_image image=&#8221;8689&#8243; img_size=&#8221;100*100&#8243; alignment=&#8221;center&#8221;][vc_column_text css=&#8221;.vc_custom_1586622529359{margin-bottom: 11px !important;}&#8221;]<\/p>\n<p style=\"text-align: center;\"><strong>Num\u00e9ro de t\u00e9l\u00e9phone<\/strong><\/p>\n<p style=\"text-align: center;\">+ 1-438-788-3406<\/p>\n<p style=\"text-align: center;\">+ 2-012-8414-6404<\/p>\n<p>[\/vc_column_text][\/vc_column_inner][vc_column_inner width=&#8221;1\/3&#8243; css=&#8221;.vc_custom_1584805793515{margin-left: 4px !important;background-color: #efc403 !important;}&#8221;][vc_single_image image=&#8221;8691&#8243; img_size=&#8221;100*100&#8243; alignment=&#8221;center&#8221; css=&#8221;.vc_custom_1584892411187{margin-bottom: 11px !important;}&#8221;][vc_column_text]<\/p>\n<p style=\"text-align: center;\"><strong>Bureaux d&#8217;antenne<\/strong><\/p>\n<p style=\"text-align: center;\">\u00c9gypte, \u00c9mirats arabes unis, Arabie saoudite,<\/p>\n<p style=\"text-align: center;\">Liban<\/p>\n<p>[\/vc_column_text][\/vc_column_inner][\/vc_row_inner][\/vc_column][\/vc_row][vc_row css_animation=&#8221;fadeInRight&#8221;][vc_column]<div class=\"thim-widget-heading template-base\"><div class=\"sc_heading  text-center\"><h3 style=\"text-transform: uppercase;\" class=\"title\">Rencontrez notre \u00e9quipe<\/h3><\/div><\/div>[\/vc_column][\/vc_row][vc_row css_animation=&#8221;fadeInLeft&#8221; el_class=&#8221;thim-no-margin-bottom&#8221;][vc_column]<div class=\"thim-widget-testimonials template-testimonials\">\n<div class=\"thim-testimonial-slider\" data-time=\"5000\" data-visible=\"5\" data-auto=\"0\" data-mousewheel=\"0\"><div class=\"item\"><div class=\"image\"><img loading=\"lazy\" decoding=\"async\" src=\"https:\/\/edumontreal.ca\/fr\/wp-content\/uploads\/2015\/11\/DSC_4887-1-100x100.jpg\" alt=\"DSC_4887 (1)\" title=\"DSC_4887 (1)\"  width=\"100\" height=\"100\" data-skip-lazy><\/div><div class=\"content\"><h3 class=\"title\">Sandra<\/h3><div class=\"regency\">PR Manager<\/div><div class=\"description\"><\/div><\/div><\/div><div class=\"item\"><div class=\"image\"><img loading=\"lazy\" decoding=\"async\" src=\"https:\/\/edumontreal.ca\/fr\/wp-content\/uploads\/2015\/11\/DSC_4877-1-100x100.jpg\" alt=\"DSC_4877 (1)\" title=\"DSC_4877 (1)\"  width=\"100\" height=\"100\" data-skip-lazy><\/div><div class=\"content\"><h3 class=\"title\">Hani<\/h3><div class=\"regency\">Director of Students <\/div><div class=\"description\"><\/div><\/div><\/div><div class=\"item\"><div class=\"image\"><img loading=\"lazy\" decoding=\"async\" src=\"https:\/\/edumontreal.ca\/fr\/wp-content\/uploads\/2015\/11\/DSC_4883-2-100x100.jpg\" alt=\"DSC_4883 (2)\" title=\"DSC_4883 (2)\"  width=\"100\" height=\"100\" data-skip-lazy><\/div><div class=\"content\"><h3 class=\"title\">Christine<\/h3><div class=\"regency\"><\/div><div class=\"description\"><\/div><\/div><\/div><div class=\"item\"><div class=\"image\"><img loading=\"lazy\" decoding=\"async\" src=\"https:\/\/edumontreal.ca\/fr\/wp-content\/uploads\/2015\/11\/DSC_4898-1-100x100.jpg\" alt=\"DSC_4898 (1)\" title=\"DSC_4898 (1)\"  width=\"100\" height=\"100\" data-skip-lazy><\/div><div class=\"content\"><h3 class=\"title\">Rojen Badawei<\/h3><div class=\"regency\">International Student Director<\/div><div class=\"description\"><\/div><\/div><\/div><div class=\"item\"><div class=\"image\"><img loading=\"lazy\" decoding=\"async\" src=\"https:\/\/edumontreal.ca\/fr\/wp-content\/uploads\/2015\/11\/DSC_4892-1-100x100.jpg\" alt=\"DSC_4892 (1)\" title=\"DSC_4892 (1)\"  width=\"100\" height=\"100\" data-skip-lazy><\/div><div class=\"content\"><h3 class=\"title\">Haidey Reda<\/h3><div class=\"regency\"> Responsible for presentation in Edu Montreal<\/div><div class=\"description\"><\/div><\/div><\/div><\/div>\n\n<\/div>[\/vc_column][\/vc_row]<\/p>\n<\/div>","protected":false},"excerpt":{"rendered":"<p>[vc_row css_animation=&#8221;fadeInDown&#8221; css=&#8221;.vc_custom_1576501826927{padding-top: 30px !important;}&#8221;][vc_column][vc_text_separator title=&#8221;&#8221; i_icon_fontawesome=&#8221;fa fa-graduation-cap&#8221; i_color=&#8221;black&#8221; color=&#8221;black&#8221; css_animation=&#8221;bounceInRight&#8221; add_icon=&#8221;true&#8221;][\/vc_column][\/vc_row][vc_row css_animation=&#8221;fadeInLeft&#8221;][vc_column width=&#8221;1\/4&#8243;][\/vc_column][vc_column width=&#8221;1\/4&#8243;][\/vc_column][vc_column width=&#8221;1\/4&#8243;][\/vc_column][vc_column width=&#8221;1\/4&#8243;][\/vc_column][\/vc_row][vc_row css_animation=&#8221;appear&#8221;][vc_column][vc_column_text css_animation=&#8221;fadeInUp&#8221;] \u00abCras tristique turpis justo, eu cons\u00e9quat sem adipiscing ut. Donec posuere bibendum metus. \u00bb Tony Nguyen, co-fondateur [\/vc_column_text][\/vc_column][\/vc_row][vc_row full_width=&#8221;stretch_row_content_no_spaces&#8221; parallax=&#8221;content-moving-fade&#8221; parallax_image=&#8221;8577&#8243;][vc_column][vc_empty_space &hellip; <\/p>\n","protected":false},"author":1,"featured_media":0,"parent":0,"menu_order":0,"comment_status":"closed","ping_status":"closed","template":"","meta":{"_bbp_topic_count":0,"_bbp_reply_count":0,"_bbp_total_topic_count":0,"_bbp_total_reply_count":0,"_bbp_voice_count":0,"_bbp_anonymous_reply_count":0,"_bbp_topic_count_hidden":0,"_bbp_reply_count_hidden":0,"_bbp_forum_subforum_count":0,"footnotes":""},"class_list":["post-2901","page","type-page","status-publish","hentry"],"_links":{"self":[{"href":"https:\/\/edumontreal.ca\/fr\/wp-json\/wp\/v2\/pages\/2901"}],"collection":[{"href":"https:\/\/edumontreal.ca\/fr\/wp-json\/wp\/v2\/pages"}],"about":[{"href":"https:\/\/edumontreal.ca\/fr\/wp-json\/wp\/v2\/types\/page"}],"author":[{"embeddable":true,"href":"https:\/\/edumontreal.ca\/fr\/wp-json\/wp\/v2\/users\/1"}],"replies":[{"embeddable":true,"href":"https:\/\/edumontreal.ca\/fr\/wp-json\/wp\/v2\/comments?post=2901"}],"version-history":[{"count":0,"href":"https:\/\/edumontreal.ca\/fr\/wp-json\/wp\/v2\/pages\/2901\/revisions"}],"wp:attachment":[{"href":"https:\/\/edumontreal.ca\/fr\/wp-json\/wp\/v2\/media?parent=2901"}],"curies":[{"name":"wp","href":"https:\/\/api.w.org\/{rel}","templated":true}]}}